{"id":828,"date":"2022-01-06T14:27:54","date_gmt":"2022-01-06T11:27:54","guid":{"rendered":"http:\/\/belediyeis.org.tr\/merkez\/?page_id=828"},"modified":"2025-12-30T14:10:57","modified_gmt":"2025-12-30T11:10:57","slug":"grand-belish","status":"publish","type":"page","link":"https:\/\/belediyeis.org.tr\/merkez\/grand-belish\/","title":{"rendered":"GRAND BEL\u0130SH"},"content":{"rendered":"\t\t<div data-elementor-type=\"wp-page\" data-elementor-id=\"828\" class=\"elementor elementor-828\">\n\t\t\t\t\t\t<section class=\"elementor-section elementor-top-section elementor-element elementor-element-42dda3a8 elementor-section-boxed elementor-section-height-default elementor-section-height-default\" data-id=\"42dda3a8\" data-element_type=\"section\" data-e-type=\"section\">\n\t\t\t\t\t\t<div class=\"elementor-container elementor-column-gap-default\">\n\t\t\t\t\t<div class=\"elementor-column elementor-col-100 elementor-top-column elementor-element elementor-element-7c48f14d\" data-id=\"7c48f14d\" data-element_type=\"column\" data-e-type=\"column\">\n\t\t\t<div class=\"elementor-widget-wrap elementor-element-populated\">\n\t\t\t\t\t\t<div class=\"elementor-element elementor-element-107f20ee elementor-widget elementor-widget-text-editor\" data-id=\"107f20ee\" data-element_type=\"widget\" data-e-type=\"widget\" data-widget_type=\"text-editor.default\">\n\t\t\t\t<div class=\"elementor-widget-container\">\n\t\t\t\t\t\t\t\t\t<p><img fetchpriority=\"high\" decoding=\"async\" class=\"wp-image-1710 size-jnews-1140x570\" src=\"http:\/\/belediyeis.org.tr\/merkez\/wp-content\/uploads\/2022\/01\/grandbelish-1140x570.jpg\" alt=\"\" width=\"1140\" height=\"570\" srcset=\"https:\/\/belediyeis.org.tr\/merkez\/wp-content\/uploads\/2022\/01\/grandbelish-1140x570.jpg 1140w, https:\/\/belediyeis.org.tr\/merkez\/wp-content\/uploads\/2022\/01\/grandbelish-360x180.jpg 360w, https:\/\/belediyeis.org.tr\/merkez\/wp-content\/uploads\/2022\/01\/grandbelish-750x375.jpg 750w\" sizes=\"(max-width: 1140px) 100vw, 1140px\" \/><\/p><p style=\"text-align: justify;\"><strong>\u00dcyelerimizin Grand Belish Hotelden Yararlanma Ko\u015fullar\u0131<\/strong><\/p><p style=\"text-align: justify;\">\u00dcyelerin (\u00fcye E\u015f ve \u00c7ocuklar\u0131) rezervasyonu \u015fubeler vas\u0131tas\u0131 ile genel merkeze g\u00f6nderilecek dilek\u00e7eler arac\u0131l\u0131\u011f\u0131 ile sa\u011flan\u0131r. \u00fcye harici rezervasyonlar tesisle ileti\u015fim kurularak yap\u0131l\u0131r, afi\u015fe fiyatlar \u00fczerinden hesaplan\u0131r.<\/p><p style=\"text-align: justify;\">-\u00d6demeler rezervasyonun onaylanmas\u0131n\u0131 takip eden 7 g\u00fcn i\u00e7erisinde %30 pe\u015finat dekontunun genel merkez rezervasyon birimine ula\u015ft\u0131r\u0131lmas\u0131 ile ba\u015flar, tesise gidi\u015ften 7 g\u00fcn \u00f6nce kalan bakiyenin \u00f6denmesi ile sona erer. Tesise giri\u015ften \u00f6nce \u00f6demeleri tamamlamayan misafirler i\u00e7in rezervasyon iptal edilir. \u00d6demeler nakit, kredi kart\u0131 veya mail order yollar\u0131ndan herhangi biriyle yap\u0131labilir. (Otele giri\u015f tarihine\u00a0 30 g\u00fcnden az s\u00fcre kala herhangi bir sebeple yap\u0131lan iptallerde \u00fccret iadesi yap\u0131lmaz.)<\/p><p>Nakit \u00d6demeler i\u00e7in kullan\u0131lacak Hesap No: \u0130\u015fbankas\u0131 Ku\u015fadas\u0131 \u00c7ar\u015f\u0131 \u015eb. Kodu: 3032 Hesap No: 45223 (IBAN : TR42 0006 4000 0013 0320 0452 23)<\/p><p>-Tesiste konaklama fiyat\u0131 her \u015fey dahil konsepti ile \u00fcye i\u00e7in \u00e7ift ki\u015filik odada ki\u015fi ba\u015f\u0131 kdv dahil; 1500 TL \u00c7ift ki\u015filik odada tek ki\u015fi konaklama \u00e7ift ki\u015filik \u00fccrete tabidir. Belediye \u0130\u015f Sendikas\u0131 personeli e\u015f ve \u00e7ocuklar\u0131 da bu fiyattan yararlan\u0131r.<\/p><p style=\"text-align: justify;\">-Tatile gittikten sonra s\u00fcrenin uzat\u0131lmas\u0131 ancak talebin rezervasyon i\u00e7in uygulanan prosed\u00fcre uygun \u015fekilde tekrar yap\u0131lmas\u0131, otelde yerin olmas\u0131 ve genel merkezin onay\u0131 ile olabilecektir.<\/p><p style=\"text-align: justify;\">-\u00c7ocuk konaklamalar\u0131nda 12 ya\u015f\u0131na kadar 1.\u00e7ocuk \u00fccretsiz, 2.\u00e7ocuk %50 indirimli, 3. ve 4. \u00e7ocuklar indirimli sendika \u00fcyesi fiyat\u0131 \u00fczerinden konaklayacaklard\u0131r. 18 Ya\u015f\u0131n\u0131 doldurmu\u015f \u00e7ocuklar\u0131n indirimli \u00fcye fiyat\u0131ndan yararlanmalar\u0131 \u00f6\u011frenim belgesi ibraz etmeleri halinde m\u00fcmk\u00fcn olacakt\u0131r.<\/p><p style=\"text-align: justify;\">-Tesise giri\u015fler saat 14:00de , \u00e7\u0131k\u0131\u015flar ise saat 12:00de yap\u0131lacakt\u0131r. Saatlere uyulmamas\u0131 durumda olu\u015facak aksakl\u0131klarda sorumluluk rezervasyon sahibine ait olacakt\u0131r. Uygulamada erken giri\u015fler i\u00e7in yer problemi \u00e7\u0131k\u0131\u015flarda ise ek oda \u00fccreti talebi olabilir. \u00c7\u0131k\u0131\u015fta ilgili saatte oda bo\u015falt\u0131larak bavullar beklemeye al\u0131narak otelde yemek yenebilir.(\u00fcyeler i\u00e7in)<\/p><p style=\"text-align: justify;\">-\u00c7ocuklu ailelere \u00e7ocuklar\u0131n ya\u015f ve durumlar\u0131, tesisin rezervasyon durumu ve \u00e7e\u015fitli etmenler dikkate al\u0131narak superior oda verilebilir. \u0130kinci oda talepleri \u00fccret uygulamalar\u0131 do\u011frultusunda dilek\u00e7ede belirtilmek ko\u015fuluyla de\u011ferlendirilir.<\/p><p style=\"text-align: justify;\">-Tesiste her \u015fey dahil sistemi uygulanmakta olup saat 23:00e kadar konsept dahilinde ki aktiviteler \u00fccretsizdir. (detayl\u0131 bilgi tesiste verilir.) G\u00fcn i\u00e7inde belirli aktiviteler ve yiyecek-i\u00e7ecekler \u00fccrete tabidir. -Tesis i\u00e7erisinde uyulmas\u0131 gereken kurallar ile ilgili detaylar resepsiyondan al\u0131nabilecektir. (Havuza ha\u015fema ile ve \u00fcsts\u00fcz olarak girilmemesi, restoran ve genel t\u00fcketim alanlar\u0131 hari\u00e7 yiyecek ve i\u00e7ecek t\u00fcketilmemesi. Vb.)<\/p><p style=\"text-align: justify;\">-Tesise ula\u015f\u0131m konuklar\u0131n sorumlulu\u011fundad\u0131r. Havaalan\u0131 ile tesis aras\u0131nda servis yoktur. Ku\u015fadas\u0131 ile tesis aras\u0131nda yaz d\u00f6nemi belirli saatlerde servis uygulamas\u0131 bulunmaktad\u0131r. Ekstra servis-ula\u015f\u0131m hizmetleri \u00fccreti kar\u015f\u0131l\u0131\u011f\u0131 rezervasyon yapt\u0131r\u0131larak talep edilir.<\/p><p style=\"text-align: justify;\">-Tesiste konaklamas\u0131z g\u00fcn\u00fcbirlik kullan\u0131m bulunmamaktad\u0131r. Rezervasyonsuz g\u00fcn\u00fcbirlik gelen misafirlere normal misafir i\u00e7in uygulanan afi\u015fe fiyatlar uygulanmaktad\u0131r. Rezervasyon yapmadan direkt tesise gelen \u00fcyeler i\u00e7in tesisin ilgili tarihteki fiyatlar\u0131 uygulan\u0131r.<\/p><p style=\"text-align: justify;\">-Tesis Egenin incisi Ku\u015fadas\u0131\u2019nda Davutlar Milli Park\u0131n\u0131n yan\u0131 ba\u015f\u0131nda mavi ye\u015filin bulu\u015ftu\u011fu sevgi plaj\u0131nda denize s\u0131f\u0131r 5 y\u0131ld\u0131zl\u0131 \u00f6zelliklere haiz olarak planlanm\u0131\u015f ve in\u015fa edilmi\u015ftir. Tesiste hepsi deniz manzaral\u0131 olmak \u00fczere , klimal\u0131, tv, telefon ve t\u00fcm teknolojik imkanlara sahip 178 oda bulunmaktad\u0131r. 400 yatak kapasiteli tesisin genel alakart restoran , toplant\u0131 salonlar\u0131 , havuz ve i\u00e7 mekan barlar\u0131 , kapal\u0131 havuz, spa merkezi, disco gibi aktivite alanlar\u0131 da mevcuttur. G\u00fcn boyu animasyonlar ve \u00e7ocuk aktiviteleri ile konuklar\u0131na e\u011flenceli vakit ge\u00e7irterek tatillerinden en b\u00fcy\u00fck memnuniyeti almalar\u0131n\u0131 sa\u011flamak temel ama\u00e7t\u0131r.<\/p><p style=\"text-align: justify;\">-Rezervasyon ba\u015fvurusu i\u00e7in \u00fcye talebini \u015fubeye iletecek. \u015eube rezervasyon talep dilek\u00e7esini genel merkez ilgili birimine g\u00f6nderecektir.<\/p><p style=\"text-align: justify;\">\u00a0<\/p>\t\t\t\t\t\t\t\t<\/div>\n\t\t\t\t<\/div>\n\t\t\t\t\t<\/div>\n\t\t<\/div>\n\t\t\t\t\t<\/div>\n\t\t<\/section>\n\t\t\t\t<\/div>\n\t\t","protected":false},"excerpt":{"rendered":"<p>\u00dcyelerimizin Grand Belish Hotelden Yararlanma Ko\u015fullar\u0131 \u00dcyelerin (\u00fcye E\u015f ve \u00c7ocuklar\u0131) rezervasyonu \u015fubeler vas\u0131tas\u0131 ile genel merkeze g\u00f6nderilecek dilek\u00e7eler arac\u0131l\u0131\u011f\u0131 ile sa\u011flan\u0131r. \u00fcye harici rezervasyonlar tesisle ileti\u015fim kurularak yap\u0131l\u0131r, afi\u015fe fiyatlar \u00fczerinden hesaplan\u0131r. -\u00d6demeler rezervasyonun onaylanmas\u0131n\u0131 takip eden 7 g\u00fcn i\u00e7erisinde %30 pe\u015finat dekontunun genel merkez rezervasyon birimine ula\u015ft\u0131r\u0131lmas\u0131 ile ba\u015flar, tesise gidi\u015ften 7 g\u00fcn [&hellip;]<\/p>\n","protected":false},"author":1,"featured_media":0,"parent":0,"menu_order":0,"comment_status":"closed","ping_status":"closed","template":"","meta":{"jnews_page_loop":{"enable_page_loop":"0","first_title":"Latest Post","second_title":"","header_type":"heading_6","header_background":"","header_text_color":"","layout":"right-sidebar","sidebar":"default-sidebar","second_sidebar":"default-sidebar","sticky_sidebar":"1","module":"3","boxed":"0","boxed_shadow":"0","box_shadow":"0","excerpt_length":"20","content_date":"default","date_custom":"Y\/m\/d","content_pagination":"nav_1","pagination_align":"center","show_navtext":"0","show_pageinfo":"0","post_offset":"0","posts_per_page":"5","include_post":"","exclude_post":"","include_category":"","exclude_category":"","include_author":"","include_tag":"","exclude_tag":"","sort_by":"latest"},"jnews_single_page":{"layout":"no-sidebar","sidebar":"default-sidebar","second_sidebar":"default-sidebar","sticky_sidebar":"1","show_post_featured":"1","show_post_meta":"0","share_position":"hide","share_color":"share-monocrhome"},"jnews_social_meta":{"fb_title":"","fb_description":"","fb_image":"","twitter_title":"","twitter_description":"","twitter_image":""},"footnotes":""},"class_list":["post-828","page","type-page","status-publish","hentry"],"_links":{"self":[{"href":"https:\/\/belediyeis.org.tr\/merkez\/wp-json\/wp\/v2\/pages\/828","targetHints":{"allow":["GET"]}}],"collection":[{"href":"https:\/\/belediyeis.org.tr\/merkez\/wp-json\/wp\/v2\/pages"}],"about":[{"href":"https:\/\/belediyeis.org.tr\/merkez\/wp-json\/wp\/v2\/types\/page"}],"author":[{"embeddable":true,"href":"https:\/\/belediyeis.org.tr\/merkez\/wp-json\/wp\/v2\/users\/1"}],"replies":[{"embeddable":true,"href":"https:\/\/belediyeis.org.tr\/merkez\/wp-json\/wp\/v2\/comments?post=828"}],"version-history":[{"count":72,"href":"https:\/\/belediyeis.org.tr\/merkez\/wp-json\/wp\/v2\/pages\/828\/revisions"}],"predecessor-version":[{"id":5861,"href":"https:\/\/belediyeis.org.tr\/merkez\/wp-json\/wp\/v2\/pages\/828\/revisions\/5861"}],"wp:attachment":[{"href":"https:\/\/belediyeis.org.tr\/merkez\/wp-json\/wp\/v2\/media?parent=828"}],"curies":[{"name":"wp","href":"https:\/\/api.w.org\/{rel}","templated":true}]}}